{"id":1025,"date":"2017-08-04T16:37:57","date_gmt":"2017-08-04T16:37:57","guid":{"rendered":"http:\/\/www.padelyou.com\/salamanca\/?page_id=1025"},"modified":"2026-09-04T10:09:36","modified_gmt":"2026-09-04T10:09:36","slug":"pagina-inicio","status":"publish","type":"page","link":"https:\/\/www.padelyou.com\/salamanca\/","title":{"rendered":"INICIO &#8211; \u00daltimas Novedades"},"content":{"rendered":"<div id=\"pl-1025\"  class=\"panel-layout\" ><div id=\"pg-1025-0\"  class=\"panel-grid panel-no-style\" ><div id=\"pgc-1025-0-0\"  class=\"panel-grid-cell\" ><div id=\"panel-1025-0-0-0\" class=\"so-panel widget widget_media_image panel-first-child\" data-index=\"0\" ><h3 class=\"widget-title\">XIII TORNEO FERIAS Y FIESTAS SALAMANCA 2026<\/h3><img width=\"1024\" height=\"1420\" src=\"https:\/\/www.padelyou.com\/salamanca\/wp-content\/uploads\/2026\/09\/Cartel-torneo-2026-definitivo-1-scaled-e1788516556933.jpg\" class=\"image wp-image-3975  attachment-full size-full\" alt=\"\" loading=\"lazy\" style=\"max-width: 100%; height: auto;\" title=\"XIII TORNEO FERIAS Y FIESTAS SALAMANCA 2026\" srcset=\"https:\/\/www.padelyou.com\/salamanca\/wp-content\/uploads\/2026\/09\/Cartel-torneo-2026-definitivo-1-scaled-e1788516556933.jpg 1024w, https:\/\/www.padelyou.com\/salamanca\/wp-content\/uploads\/2026\/09\/Cartel-torneo-2026-definitivo-1-scaled-e1788516556933-216x300.jpg 216w, https:\/\/www.padelyou.com\/salamanca\/wp-content\/uploads\/2026\/09\/Cartel-torneo-2026-definitivo-1-scaled-e1788516556933-738x1024.jpg 738w, https:\/\/www.padelyou.com\/salamanca\/wp-content\/uploads\/2026\/09\/Cartel-torneo-2026-definitivo-1-scaled-e1788516556933-768x1065.jpg 768w\" sizes=\"(max-width: 1024px) 100vw, 1024px\" \/><\/div><div id=\"panel-1025-0-0-1\" class=\"so-panel widget widget_media_image\" data-index=\"1\" ><h3 class=\"widget-title\">RESERVA PLAZA ESCUELA- NUEV@S ALUMN@S 2026-2027<\/h3><img width=\"720\" height=\"510\" src=\"https:\/\/www.padelyou.com\/salamanca\/wp-content\/uploads\/2026\/08\/escuela-reserva-plaza-beneficios-2627-1024x726.jpg\" class=\"image wp-image-3948  attachment-large size-large\" alt=\"\" loading=\"lazy\" style=\"max-width: 100%; height: auto;\" srcset=\"https:\/\/www.padelyou.com\/salamanca\/wp-content\/uploads\/2026\/08\/escuela-reserva-plaza-beneficios-2627-1024x726.jpg 1024w, https:\/\/www.padelyou.com\/salamanca\/wp-content\/uploads\/2026\/08\/escuela-reserva-plaza-beneficios-2627-300x213.jpg 300w, https:\/\/www.padelyou.com\/salamanca\/wp-content\/uploads\/2026\/08\/escuela-reserva-plaza-beneficios-2627-768x545.jpg 768w, https:\/\/www.padelyou.com\/salamanca\/wp-content\/uploads\/2026\/08\/escuela-reserva-plaza-beneficios-2627-1536x1089.jpg 1536w, https:\/\/www.padelyou.com\/salamanca\/wp-content\/uploads\/2026\/08\/escuela-reserva-plaza-beneficios-2627-2048x1452.jpg 2048w\" sizes=\"(max-width: 720px) 100vw, 720px\" \/><\/div><div id=\"panel-1025-0-0-2\" class=\"so-panel widget widget_media_image\" data-index=\"2\" ><h3 class=\"widget-title\">RESERVA DE PLAZA ESCUELA PADELYOU- ANTIGU@S ALUMN@S<\/h3><img width=\"720\" height=\"504\" src=\"https:\/\/www.padelyou.com\/salamanca\/wp-content\/uploads\/2026\/07\/ANTIGUOS-ALUMNOS-2627-1024x717.jpg\" class=\"image wp-image-3940  attachment-large size-large\" alt=\"\" loading=\"lazy\" style=\"max-width: 100%; height: auto;\" title=\"RESERVA DE PLAZA ESCUELA PADELYOU- ANTIGU@S ALUMN@S\" srcset=\"https:\/\/www.padelyou.com\/salamanca\/wp-content\/uploads\/2026\/07\/ANTIGUOS-ALUMNOS-2627-1024x717.jpg 1024w, https:\/\/www.padelyou.com\/salamanca\/wp-content\/uploads\/2026\/07\/ANTIGUOS-ALUMNOS-2627-300x210.jpg 300w, https:\/\/www.padelyou.com\/salamanca\/wp-content\/uploads\/2026\/07\/ANTIGUOS-ALUMNOS-2627-768x537.jpg 768w, https:\/\/www.padelyou.com\/salamanca\/wp-content\/uploads\/2026\/07\/ANTIGUOS-ALUMNOS-2627-1536x1075.jpg 1536w, https:\/\/www.padelyou.com\/salamanca\/wp-content\/uploads\/2026\/07\/ANTIGUOS-ALUMNOS-2627-2048x1433.jpg 2048w\" sizes=\"(max-width: 720px) 100vw, 720px\" \/><\/div><div id=\"panel-1025-0-0-3\" class=\"so-panel widget widget_media_image\" data-index=\"3\" ><h3 class=\"widget-title\">CURSOS DE VERANO 2026<\/h3><img width=\"720\" height=\"1020\" src=\"https:\/\/www.padelyou.com\/salamanca\/wp-content\/uploads\/2026\/06\/0a614ae7-6b6c-4189-b5d9-4d96b76615ce-723x1024.jpg\" class=\"image wp-image-3933  attachment-large size-large\" alt=\"\" loading=\"lazy\" style=\"max-width: 100%; height: auto;\" srcset=\"https:\/\/www.padelyou.com\/salamanca\/wp-content\/uploads\/2026\/06\/0a614ae7-6b6c-4189-b5d9-4d96b76615ce-723x1024.jpg 723w, https:\/\/www.padelyou.com\/salamanca\/wp-content\/uploads\/2026\/06\/0a614ae7-6b6c-4189-b5d9-4d96b76615ce-212x300.jpg 212w, https:\/\/www.padelyou.com\/salamanca\/wp-content\/uploads\/2026\/06\/0a614ae7-6b6c-4189-b5d9-4d96b76615ce-768x1087.jpg 768w, https:\/\/www.padelyou.com\/salamanca\/wp-content\/uploads\/2026\/06\/0a614ae7-6b6c-4189-b5d9-4d96b76615ce.jpg 1054w\" sizes=\"(max-width: 720px) 100vw, 720px\" \/><\/div><div id=\"panel-1025-0-0-4\" class=\"so-panel widget widget_media_image\" data-index=\"4\" ><h3 class=\"widget-title\">CALENDARIO ESCUELA Temporada 2025-2026<\/h3><img width=\"720\" height=\"1003\" src=\"https:\/\/www.padelyou.com\/salamanca\/wp-content\/uploads\/2026\/01\/calendario-de-apertura-y-escuela-25-26-scaled-e1768845525562-735x1024.jpg\" class=\"image wp-image-3899  attachment-large size-large\" alt=\"CALENDARIO ESCUELA Temporada 25-26\" loading=\"lazy\" style=\"max-width: 100%; height: auto;\" title=\"CALENDARIO ESCUELA Temporada 2025-2026\" srcset=\"https:\/\/www.padelyou.com\/salamanca\/wp-content\/uploads\/2026\/01\/calendario-de-apertura-y-escuela-25-26-scaled-e1768845525562-735x1024.jpg 735w, https:\/\/www.padelyou.com\/salamanca\/wp-content\/uploads\/2026\/01\/calendario-de-apertura-y-escuela-25-26-scaled-e1768845525562-215x300.jpg 215w, https:\/\/www.padelyou.com\/salamanca\/wp-content\/uploads\/2026\/01\/calendario-de-apertura-y-escuela-25-26-scaled-e1768845525562-768x1070.jpg 768w, https:\/\/www.padelyou.com\/salamanca\/wp-content\/uploads\/2026\/01\/calendario-de-apertura-y-escuela-25-26-scaled-e1768845525562-1102x1536.jpg 1102w, https:\/\/www.padelyou.com\/salamanca\/wp-content\/uploads\/2026\/01\/calendario-de-apertura-y-escuela-25-26-scaled-e1768845525562.jpg 1146w\" sizes=\"(max-width: 720px) 100vw, 720px\" \/><\/div><div id=\"panel-1025-0-0-5\" class=\"so-panel widget widget_media_image\" data-index=\"5\" ><h3 class=\"widget-title\">CALENDARIO DE APERTURA 2025-2026<\/h3><img width=\"720\" height=\"1004\" src=\"https:\/\/www.padelyou.com\/salamanca\/wp-content\/uploads\/2025\/12\/calendario-de-apertura-24-25-scaled-e1768845102830-734x1024.jpg\" class=\"image wp-image-3886  attachment-large size-large\" alt=\"\" loading=\"lazy\" style=\"max-width: 100%; height: auto;\" title=\"CALENDARIO DE APERTURA 2025-2026\" srcset=\"https:\/\/www.padelyou.com\/salamanca\/wp-content\/uploads\/2025\/12\/calendario-de-apertura-24-25-scaled-e1768845102830-734x1024.jpg 734w, https:\/\/www.padelyou.com\/salamanca\/wp-content\/uploads\/2025\/12\/calendario-de-apertura-24-25-scaled-e1768845102830-215x300.jpg 215w, https:\/\/www.padelyou.com\/salamanca\/wp-content\/uploads\/2025\/12\/calendario-de-apertura-24-25-scaled-e1768845102830-768x1072.jpg 768w, https:\/\/www.padelyou.com\/salamanca\/wp-content\/uploads\/2025\/12\/calendario-de-apertura-24-25-scaled-e1768845102830-1101x1536.jpg 1101w, https:\/\/www.padelyou.com\/salamanca\/wp-content\/uploads\/2025\/12\/calendario-de-apertura-24-25-scaled-e1768845102830.jpg 1145w\" sizes=\"(max-width: 720px) 100vw, 720px\" \/><\/div><div id=\"panel-1025-0-0-6\" class=\"so-panel widget widget_media_image\" data-index=\"6\" ><h3 class=\"widget-title\">Confrontaci\u00f3n en Ondapadel (Alcorc\u00f3n) &#8211; 8 Noviembre 2025<\/h3><img width=\"716\" height=\"1024\" src=\"https:\/\/www.padelyou.com\/salamanca\/wp-content\/uploads\/2025\/10\/confro-ONDAPADEL-NOVIEMBRE-2025-716x1024.jpg\" class=\"image wp-image-3875  attachment-large size-large\" alt=\"\" loading=\"lazy\" style=\"max-width: 100%; height: auto;\" title=\"Confrontaci\u00f3n en Ondapadel (Alcorc\u00f3n) - 8 Noviembre 2025\" srcset=\"https:\/\/www.padelyou.com\/salamanca\/wp-content\/uploads\/2025\/10\/confro-ONDAPADEL-NOVIEMBRE-2025-716x1024.jpg 716w, https:\/\/www.padelyou.com\/salamanca\/wp-content\/uploads\/2025\/10\/confro-ONDAPADEL-NOVIEMBRE-2025-210x300.jpg 210w, https:\/\/www.padelyou.com\/salamanca\/wp-content\/uploads\/2025\/10\/confro-ONDAPADEL-NOVIEMBRE-2025-768x1098.jpg 768w, https:\/\/www.padelyou.com\/salamanca\/wp-content\/uploads\/2025\/10\/confro-ONDAPADEL-NOVIEMBRE-2025-1074x1536.jpg 1074w, https:\/\/www.padelyou.com\/salamanca\/wp-content\/uploads\/2025\/10\/confro-ONDAPADEL-NOVIEMBRE-2025-1432x2048.jpg 1432w, https:\/\/www.padelyou.com\/salamanca\/wp-content\/uploads\/2025\/10\/confro-ONDAPADEL-NOVIEMBRE-2025-scaled.jpg 1790w\" sizes=\"(max-width: 716px) 100vw, 716px\" \/><\/div><div id=\"panel-1025-0-0-7\" class=\"so-panel widget widget_media_gallery\" data-index=\"7\" ><h3 class=\"widget-title\">FOTOS ENTREGA DE PREMIOS XII TORNEO FERIAS Y FIESTAS 2025<\/h3>\n\t\t<style type=\"text\/css\">\n\t\t\t#gallery-1 {\n\t\t\t\tmargin: auto;\n\t\t\t}\n\t\t\t#gallery-1 .gallery-item {\n\t\t\t\tfloat: left;\n\t\t\t\tmargin-top: 10px;\n\t\t\t\ttext-align: center;\n\t\t\t\twidth: 33%;\n\t\t\t}\n\t\t\t#gallery-1 img {\n\t\t\t\tborder: 2px solid #cfcfcf;\n\t\t\t}\n\t\t\t#gallery-1 .gallery-caption {\n\t\t\t\tmargin-left: 0;\n\t\t\t}\n\t\t\t\/* see gallery_shortcode() in wp-includes\/media.php *\/\n\t\t<\/style>\n\t\t<div id='gallery-1' class='gallery galleryid-1025 gallery-columns-3 gallery-size-full'><dl class='gallery-item'>\n\t\t\t<dt class='gallery-icon portrait'>\n\t\t\t\t<a href='https:\/\/www.padelyou.com\/salamanca\/wp-content\/uploads\/2025\/09\/Imagen-de-WhatsApp-2025-09-15-a-las-10.57.38_3bc75e22.jpg'><img width=\"1536\" height=\"2048\" src=\"https:\/\/www.padelyou.com\/salamanca\/wp-content\/uploads\/2025\/09\/Imagen-de-WhatsApp-2025-09-15-a-las-10.57.38_3bc75e22.jpg\" class=\"attachment-full size-full\" alt=\"\" loading=\"lazy\" srcset=\"https:\/\/www.padelyou.com\/salamanca\/wp-content\/uploads\/2025\/09\/Imagen-de-WhatsApp-2025-09-15-a-las-10.57.38_3bc75e22.jpg 1536w, https:\/\/www.padelyou.com\/salamanca\/wp-content\/uploads\/2025\/09\/Imagen-de-WhatsApp-2025-09-15-a-las-10.57.38_3bc75e22-225x300.jpg 225w, https:\/\/www.padelyou.com\/salamanca\/wp-content\/uploads\/2025\/09\/Imagen-de-WhatsApp-2025-09-15-a-las-10.57.38_3bc75e22-768x1024.jpg 768w, https:\/\/www.padelyou.com\/salamanca\/wp-content\/uploads\/2025\/09\/Imagen-de-WhatsApp-2025-09-15-a-las-10.57.38_3bc75e22-1152x1536.jpg 1152w\" sizes=\"(max-width: 1536px) 100vw, 1536px\" \/><\/a>\n\t\t\t<\/dt><\/dl><dl class='gallery-item'>\n\t\t\t<dt class='gallery-icon portrait'>\n\t\t\t\t<a href='https:\/\/www.padelyou.com\/salamanca\/wp-content\/uploads\/2025\/09\/Imagen-de-WhatsApp-2025-09-15-a-las-10.57.40_ee1b735e.jpg'><img width=\"1536\" height=\"2048\" src=\"https:\/\/www.padelyou.com\/salamanca\/wp-content\/uploads\/2025\/09\/Imagen-de-WhatsApp-2025-09-15-a-las-10.57.40_ee1b735e.jpg\" class=\"attachment-full size-full\" alt=\"\" loading=\"lazy\" srcset=\"https:\/\/www.padelyou.com\/salamanca\/wp-content\/uploads\/2025\/09\/Imagen-de-WhatsApp-2025-09-15-a-las-10.57.40_ee1b735e.jpg 1536w, https:\/\/www.padelyou.com\/salamanca\/wp-content\/uploads\/2025\/09\/Imagen-de-WhatsApp-2025-09-15-a-las-10.57.40_ee1b735e-225x300.jpg 225w, https:\/\/www.padelyou.com\/salamanca\/wp-content\/uploads\/2025\/09\/Imagen-de-WhatsApp-2025-09-15-a-las-10.57.40_ee1b735e-768x1024.jpg 768w, https:\/\/www.padelyou.com\/salamanca\/wp-content\/uploads\/2025\/09\/Imagen-de-WhatsApp-2025-09-15-a-las-10.57.40_ee1b735e-1152x1536.jpg 1152w\" sizes=\"(max-width: 1536px) 100vw, 1536px\" \/><\/a>\n\t\t\t<\/dt><\/dl><dl class='gallery-item'>\n\t\t\t<dt class='gallery-icon landscape'>\n\t\t\t\t<a href='https:\/\/www.padelyou.com\/salamanca\/wp-content\/uploads\/2025\/09\/Imagen-de-WhatsApp-2025-09-15-a-las-10.57.40_cef02a4c.jpg'><img width=\"2048\" height=\"1536\" src=\"https:\/\/www.padelyou.com\/salamanca\/wp-content\/uploads\/2025\/09\/Imagen-de-WhatsApp-2025-09-15-a-las-10.57.40_cef02a4c.jpg\" class=\"attachment-full size-full\" alt=\"\" loading=\"lazy\" srcset=\"https:\/\/www.padelyou.com\/salamanca\/wp-content\/uploads\/2025\/09\/Imagen-de-WhatsApp-2025-09-15-a-las-10.57.40_cef02a4c.jpg 2048w, https:\/\/www.padelyou.com\/salamanca\/wp-content\/uploads\/2025\/09\/Imagen-de-WhatsApp-2025-09-15-a-las-10.57.40_cef02a4c-300x225.jpg 300w, https:\/\/www.padelyou.com\/salamanca\/wp-content\/uploads\/2025\/09\/Imagen-de-WhatsApp-2025-09-15-a-las-10.57.40_cef02a4c-1024x768.jpg 1024w, https:\/\/www.padelyou.com\/salamanca\/wp-content\/uploads\/2025\/09\/Imagen-de-WhatsApp-2025-09-15-a-las-10.57.40_cef02a4c-768x576.jpg 768w, https:\/\/www.padelyou.com\/salamanca\/wp-content\/uploads\/2025\/09\/Imagen-de-WhatsApp-2025-09-15-a-las-10.57.40_cef02a4c-1536x1152.jpg 1536w\" sizes=\"(max-width: 2048px) 100vw, 2048px\" \/><\/a>\n\t\t\t<\/dt><\/dl><br style=\"clear: both\" \/><dl class='gallery-item'>\n\t\t\t<dt class='gallery-icon portrait'>\n\t\t\t\t<a href='https:\/\/www.padelyou.com\/salamanca\/wp-content\/uploads\/2025\/09\/Imagen-de-WhatsApp-2025-09-15-a-las-10.57.40_ca5bc049.jpg'><img width=\"1536\" height=\"2048\" src=\"https:\/\/www.padelyou.com\/salamanca\/wp-content\/uploads\/2025\/09\/Imagen-de-WhatsApp-2025-09-15-a-las-10.57.40_ca5bc049.jpg\" class=\"attachment-full size-full\" alt=\"\" loading=\"lazy\" srcset=\"https:\/\/www.padelyou.com\/salamanca\/wp-content\/uploads\/2025\/09\/Imagen-de-WhatsApp-2025-09-15-a-las-10.57.40_ca5bc049.jpg 1536w, https:\/\/www.padelyou.com\/salamanca\/wp-content\/uploads\/2025\/09\/Imagen-de-WhatsApp-2025-09-15-a-las-10.57.40_ca5bc049-225x300.jpg 225w, https:\/\/www.padelyou.com\/salamanca\/wp-content\/uploads\/2025\/09\/Imagen-de-WhatsApp-2025-09-15-a-las-10.57.40_ca5bc049-768x1024.jpg 768w, https:\/\/www.padelyou.com\/salamanca\/wp-content\/uploads\/2025\/09\/Imagen-de-WhatsApp-2025-09-15-a-las-10.57.40_ca5bc049-1152x1536.jpg 1152w\" sizes=\"(max-width: 1536px) 100vw, 1536px\" \/><\/a>\n\t\t\t<\/dt><\/dl><dl class='gallery-item'>\n\t\t\t<dt class='gallery-icon portrait'>\n\t\t\t\t<a href='https:\/\/www.padelyou.com\/salamanca\/wp-content\/uploads\/2025\/09\/Imagen-de-WhatsApp-2025-09-15-a-las-10.57.40_bbd77704.jpg'><img width=\"1536\" height=\"2048\" src=\"https:\/\/www.padelyou.com\/salamanca\/wp-content\/uploads\/2025\/09\/Imagen-de-WhatsApp-2025-09-15-a-las-10.57.40_bbd77704.jpg\" class=\"attachment-full size-full\" alt=\"\" loading=\"lazy\" srcset=\"https:\/\/www.padelyou.com\/salamanca\/wp-content\/uploads\/2025\/09\/Imagen-de-WhatsApp-2025-09-15-a-las-10.57.40_bbd77704.jpg 1536w, https:\/\/www.padelyou.com\/salamanca\/wp-content\/uploads\/2025\/09\/Imagen-de-WhatsApp-2025-09-15-a-las-10.57.40_bbd77704-225x300.jpg 225w, https:\/\/www.padelyou.com\/salamanca\/wp-content\/uploads\/2025\/09\/Imagen-de-WhatsApp-2025-09-15-a-las-10.57.40_bbd77704-768x1024.jpg 768w, https:\/\/www.padelyou.com\/salamanca\/wp-content\/uploads\/2025\/09\/Imagen-de-WhatsApp-2025-09-15-a-las-10.57.40_bbd77704-1152x1536.jpg 1152w\" sizes=\"(max-width: 1536px) 100vw, 1536px\" \/><\/a>\n\t\t\t<\/dt><\/dl><dl class='gallery-item'>\n\t\t\t<dt class='gallery-icon portrait'>\n\t\t\t\t<a href='https:\/\/www.padelyou.com\/salamanca\/wp-content\/uploads\/2025\/09\/Imagen-de-WhatsApp-2025-09-15-a-las-10.57.40_873976a8.jpg'><img width=\"1536\" height=\"2048\" src=\"https:\/\/www.padelyou.com\/salamanca\/wp-content\/uploads\/2025\/09\/Imagen-de-WhatsApp-2025-09-15-a-las-10.57.40_873976a8.jpg\" class=\"attachment-full size-full\" alt=\"\" loading=\"lazy\" srcset=\"https:\/\/www.padelyou.com\/salamanca\/wp-content\/uploads\/2025\/09\/Imagen-de-WhatsApp-2025-09-15-a-las-10.57.40_873976a8.jpg 1536w, https:\/\/www.padelyou.com\/salamanca\/wp-content\/uploads\/2025\/09\/Imagen-de-WhatsApp-2025-09-15-a-las-10.57.40_873976a8-225x300.jpg 225w, https:\/\/www.padelyou.com\/salamanca\/wp-content\/uploads\/2025\/09\/Imagen-de-WhatsApp-2025-09-15-a-las-10.57.40_873976a8-768x1024.jpg 768w, https:\/\/www.padelyou.com\/salamanca\/wp-content\/uploads\/2025\/09\/Imagen-de-WhatsApp-2025-09-15-a-las-10.57.40_873976a8-1152x1536.jpg 1152w\" sizes=\"(max-width: 1536px) 100vw, 1536px\" \/><\/a>\n\t\t\t<\/dt><\/dl><br style=\"clear: both\" \/><dl class='gallery-item'>\n\t\t\t<dt class='gallery-icon portrait'>\n\t\t\t\t<a href='https:\/\/www.padelyou.com\/salamanca\/wp-content\/uploads\/2025\/09\/Imagen-de-WhatsApp-2025-09-15-a-las-10.57.40_1337ee15.jpg'><img width=\"1536\" height=\"2048\" src=\"https:\/\/www.padelyou.com\/salamanca\/wp-content\/uploads\/2025\/09\/Imagen-de-WhatsApp-2025-09-15-a-las-10.57.40_1337ee15.jpg\" class=\"attachment-full size-full\" alt=\"\" loading=\"lazy\" srcset=\"https:\/\/www.padelyou.com\/salamanca\/wp-content\/uploads\/2025\/09\/Imagen-de-WhatsApp-2025-09-15-a-las-10.57.40_1337ee15.jpg 1536w, https:\/\/www.padelyou.com\/salamanca\/wp-content\/uploads\/2025\/09\/Imagen-de-WhatsApp-2025-09-15-a-las-10.57.40_1337ee15-225x300.jpg 225w, https:\/\/www.padelyou.com\/salamanca\/wp-content\/uploads\/2025\/09\/Imagen-de-WhatsApp-2025-09-15-a-las-10.57.40_1337ee15-768x1024.jpg 768w, https:\/\/www.padelyou.com\/salamanca\/wp-content\/uploads\/2025\/09\/Imagen-de-WhatsApp-2025-09-15-a-las-10.57.40_1337ee15-1152x1536.jpg 1152w\" sizes=\"(max-width: 1536px) 100vw, 1536px\" \/><\/a>\n\t\t\t<\/dt><\/dl><dl class='gallery-item'>\n\t\t\t<dt class='gallery-icon portrait'>\n\t\t\t\t<a href='https:\/\/www.padelyou.com\/salamanca\/wp-content\/uploads\/2025\/09\/Imagen-de-WhatsApp-2025-09-15-a-las-10.57.40_1024c447.jpg'><img width=\"1536\" height=\"2048\" src=\"https:\/\/www.padelyou.com\/salamanca\/wp-content\/uploads\/2025\/09\/Imagen-de-WhatsApp-2025-09-15-a-las-10.57.40_1024c447.jpg\" class=\"attachment-full size-full\" alt=\"\" loading=\"lazy\" srcset=\"https:\/\/www.padelyou.com\/salamanca\/wp-content\/uploads\/2025\/09\/Imagen-de-WhatsApp-2025-09-15-a-las-10.57.40_1024c447.jpg 1536w, https:\/\/www.padelyou.com\/salamanca\/wp-content\/uploads\/2025\/09\/Imagen-de-WhatsApp-2025-09-15-a-las-10.57.40_1024c447-225x300.jpg 225w, https:\/\/www.padelyou.com\/salamanca\/wp-content\/uploads\/2025\/09\/Imagen-de-WhatsApp-2025-09-15-a-las-10.57.40_1024c447-768x1024.jpg 768w, https:\/\/www.padelyou.com\/salamanca\/wp-content\/uploads\/2025\/09\/Imagen-de-WhatsApp-2025-09-15-a-las-10.57.40_1024c447-1152x1536.jpg 1152w\" sizes=\"(max-width: 1536px) 100vw, 1536px\" \/><\/a>\n\t\t\t<\/dt><\/dl><dl class='gallery-item'>\n\t\t\t<dt class='gallery-icon portrait'>\n\t\t\t\t<a href='https:\/\/www.padelyou.com\/salamanca\/wp-content\/uploads\/2025\/09\/Imagen-de-WhatsApp-2025-09-15-a-las-10.57.40_0dd0496e.jpg'><img width=\"1536\" height=\"2048\" src=\"https:\/\/www.padelyou.com\/salamanca\/wp-content\/uploads\/2025\/09\/Imagen-de-WhatsApp-2025-09-15-a-las-10.57.40_0dd0496e.jpg\" class=\"attachment-full size-full\" alt=\"\" loading=\"lazy\" srcset=\"https:\/\/www.padelyou.com\/salamanca\/wp-content\/uploads\/2025\/09\/Imagen-de-WhatsApp-2025-09-15-a-las-10.57.40_0dd0496e.jpg 1536w, https:\/\/www.padelyou.com\/salamanca\/wp-content\/uploads\/2025\/09\/Imagen-de-WhatsApp-2025-09-15-a-las-10.57.40_0dd0496e-225x300.jpg 225w, https:\/\/www.padelyou.com\/salamanca\/wp-content\/uploads\/2025\/09\/Imagen-de-WhatsApp-2025-09-15-a-las-10.57.40_0dd0496e-768x1024.jpg 768w, https:\/\/www.padelyou.com\/salamanca\/wp-content\/uploads\/2025\/09\/Imagen-de-WhatsApp-2025-09-15-a-las-10.57.40_0dd0496e-1152x1536.jpg 1152w\" sizes=\"(max-width: 1536px) 100vw, 1536px\" \/><\/a>\n\t\t\t<\/dt><\/dl><br style=\"clear: both\" \/><dl class='gallery-item'>\n\t\t\t<dt class='gallery-icon landscape'>\n\t\t\t\t<a href='https:\/\/www.padelyou.com\/salamanca\/wp-content\/uploads\/2025\/09\/Imagen-de-WhatsApp-2025-09-15-a-las-10.57.39_ea3f03f5.jpg'><img width=\"2048\" height=\"1536\" src=\"https:\/\/www.padelyou.com\/salamanca\/wp-content\/uploads\/2025\/09\/Imagen-de-WhatsApp-2025-09-15-a-las-10.57.39_ea3f03f5.jpg\" class=\"attachment-full size-full\" alt=\"\" loading=\"lazy\" srcset=\"https:\/\/www.padelyou.com\/salamanca\/wp-content\/uploads\/2025\/09\/Imagen-de-WhatsApp-2025-09-15-a-las-10.57.39_ea3f03f5.jpg 2048w, https:\/\/www.padelyou.com\/salamanca\/wp-content\/uploads\/2025\/09\/Imagen-de-WhatsApp-2025-09-15-a-las-10.57.39_ea3f03f5-300x225.jpg 300w, https:\/\/www.padelyou.com\/salamanca\/wp-content\/uploads\/2025\/09\/Imagen-de-WhatsApp-2025-09-15-a-las-10.57.39_ea3f03f5-1024x768.jpg 1024w, https:\/\/www.padelyou.com\/salamanca\/wp-content\/uploads\/2025\/09\/Imagen-de-WhatsApp-2025-09-15-a-las-10.57.39_ea3f03f5-768x576.jpg 768w, https:\/\/www.padelyou.com\/salamanca\/wp-content\/uploads\/2025\/09\/Imagen-de-WhatsApp-2025-09-15-a-las-10.57.39_ea3f03f5-1536x1152.jpg 1536w\" sizes=\"(max-width: 2048px) 100vw, 2048px\" \/><\/a>\n\t\t\t<\/dt><\/dl><dl class='gallery-item'>\n\t\t\t<dt class='gallery-icon portrait'>\n\t\t\t\t<a href='https:\/\/www.padelyou.com\/salamanca\/wp-content\/uploads\/2025\/09\/Imagen-de-WhatsApp-2025-09-15-a-las-10.57.39_dd542c86.jpg'><img width=\"1536\" height=\"2048\" src=\"https:\/\/www.padelyou.com\/salamanca\/wp-content\/uploads\/2025\/09\/Imagen-de-WhatsApp-2025-09-15-a-las-10.57.39_dd542c86.jpg\" class=\"attachment-full size-full\" alt=\"\" loading=\"lazy\" srcset=\"https:\/\/www.padelyou.com\/salamanca\/wp-content\/uploads\/2025\/09\/Imagen-de-WhatsApp-2025-09-15-a-las-10.57.39_dd542c86.jpg 1536w, https:\/\/www.padelyou.com\/salamanca\/wp-content\/uploads\/2025\/09\/Imagen-de-WhatsApp-2025-09-15-a-las-10.57.39_dd542c86-225x300.jpg 225w, https:\/\/www.padelyou.com\/salamanca\/wp-content\/uploads\/2025\/09\/Imagen-de-WhatsApp-2025-09-15-a-las-10.57.39_dd542c86-768x1024.jpg 768w, https:\/\/www.padelyou.com\/salamanca\/wp-content\/uploads\/2025\/09\/Imagen-de-WhatsApp-2025-09-15-a-las-10.57.39_dd542c86-1152x1536.jpg 1152w\" sizes=\"(max-width: 1536px) 100vw, 1536px\" \/><\/a>\n\t\t\t<\/dt><\/dl><dl class='gallery-item'>\n\t\t\t<dt class='gallery-icon portrait'>\n\t\t\t\t<a href='https:\/\/www.padelyou.com\/salamanca\/wp-content\/uploads\/2025\/09\/Imagen-de-WhatsApp-2025-09-15-a-las-10.57.39_cdd75e61.jpg'><img width=\"1536\" height=\"2048\" src=\"https:\/\/www.padelyou.com\/salamanca\/wp-content\/uploads\/2025\/09\/Imagen-de-WhatsApp-2025-09-15-a-las-10.57.39_cdd75e61.jpg\" class=\"attachment-full size-full\" alt=\"\" loading=\"lazy\" srcset=\"https:\/\/www.padelyou.com\/salamanca\/wp-content\/uploads\/2025\/09\/Imagen-de-WhatsApp-2025-09-15-a-las-10.57.39_cdd75e61.jpg 1536w, https:\/\/www.padelyou.com\/salamanca\/wp-content\/uploads\/2025\/09\/Imagen-de-WhatsApp-2025-09-15-a-las-10.57.39_cdd75e61-225x300.jpg 225w, https:\/\/www.padelyou.com\/salamanca\/wp-content\/uploads\/2025\/09\/Imagen-de-WhatsApp-2025-09-15-a-las-10.57.39_cdd75e61-768x1024.jpg 768w, https:\/\/www.padelyou.com\/salamanca\/wp-content\/uploads\/2025\/09\/Imagen-de-WhatsApp-2025-09-15-a-las-10.57.39_cdd75e61-1152x1536.jpg 1152w\" sizes=\"(max-width: 1536px) 100vw, 1536px\" \/><\/a>\n\t\t\t<\/dt><\/dl><br style=\"clear: both\" \/><dl class='gallery-item'>\n\t\t\t<dt class='gallery-icon portrait'>\n\t\t\t\t<a href='https:\/\/www.padelyou.com\/salamanca\/wp-content\/uploads\/2025\/09\/Imagen-de-WhatsApp-2025-09-15-a-las-10.57.39_c92ba9a1.jpg'><img width=\"1536\" height=\"2048\" src=\"https:\/\/www.padelyou.com\/salamanca\/wp-content\/uploads\/2025\/09\/Imagen-de-WhatsApp-2025-09-15-a-las-10.57.39_c92ba9a1.jpg\" class=\"attachment-full size-full\" alt=\"\" loading=\"lazy\" srcset=\"https:\/\/www.padelyou.com\/salamanca\/wp-content\/uploads\/2025\/09\/Imagen-de-WhatsApp-2025-09-15-a-las-10.57.39_c92ba9a1.jpg 1536w, https:\/\/www.padelyou.com\/salamanca\/wp-content\/uploads\/2025\/09\/Imagen-de-WhatsApp-2025-09-15-a-las-10.57.39_c92ba9a1-225x300.jpg 225w, https:\/\/www.padelyou.com\/salamanca\/wp-content\/uploads\/2025\/09\/Imagen-de-WhatsApp-2025-09-15-a-las-10.57.39_c92ba9a1-768x1024.jpg 768w, https:\/\/www.padelyou.com\/salamanca\/wp-content\/uploads\/2025\/09\/Imagen-de-WhatsApp-2025-09-15-a-las-10.57.39_c92ba9a1-1152x1536.jpg 1152w\" sizes=\"(max-width: 1536px) 100vw, 1536px\" \/><\/a>\n\t\t\t<\/dt><\/dl><dl class='gallery-item'>\n\t\t\t<dt class='gallery-icon landscape'>\n\t\t\t\t<a href='https:\/\/www.padelyou.com\/salamanca\/wp-content\/uploads\/2025\/09\/Imagen-de-WhatsApp-2025-09-15-a-las-10.57.39_c54c3152.jpg'><img width=\"2048\" height=\"1536\" src=\"https:\/\/www.padelyou.com\/salamanca\/wp-content\/uploads\/2025\/09\/Imagen-de-WhatsApp-2025-09-15-a-las-10.57.39_c54c3152.jpg\" class=\"attachment-full size-full\" alt=\"\" loading=\"lazy\" srcset=\"https:\/\/www.padelyou.com\/salamanca\/wp-content\/uploads\/2025\/09\/Imagen-de-WhatsApp-2025-09-15-a-las-10.57.39_c54c3152.jpg 2048w, https:\/\/www.padelyou.com\/salamanca\/wp-content\/uploads\/2025\/09\/Imagen-de-WhatsApp-2025-09-15-a-las-10.57.39_c54c3152-300x225.jpg 300w, https:\/\/www.padelyou.com\/salamanca\/wp-content\/uploads\/2025\/09\/Imagen-de-WhatsApp-2025-09-15-a-las-10.57.39_c54c3152-1024x768.jpg 1024w, https:\/\/www.padelyou.com\/salamanca\/wp-content\/uploads\/2025\/09\/Imagen-de-WhatsApp-2025-09-15-a-las-10.57.39_c54c3152-768x576.jpg 768w, https:\/\/www.padelyou.com\/salamanca\/wp-content\/uploads\/2025\/09\/Imagen-de-WhatsApp-2025-09-15-a-las-10.57.39_c54c3152-1536x1152.jpg 1536w\" sizes=\"(max-width: 2048px) 100vw, 2048px\" \/><\/a>\n\t\t\t<\/dt><\/dl><dl class='gallery-item'>\n\t\t\t<dt class='gallery-icon portrait'>\n\t\t\t\t<a href='https:\/\/www.padelyou.com\/salamanca\/wp-content\/uploads\/2025\/09\/Imagen-de-WhatsApp-2025-09-15-a-las-10.57.39_b9c167f4.jpg'><img width=\"1536\" height=\"2048\" src=\"https:\/\/www.padelyou.com\/salamanca\/wp-content\/uploads\/2025\/09\/Imagen-de-WhatsApp-2025-09-15-a-las-10.57.39_b9c167f4.jpg\" class=\"attachment-full size-full\" alt=\"\" loading=\"lazy\" srcset=\"https:\/\/www.padelyou.com\/salamanca\/wp-content\/uploads\/2025\/09\/Imagen-de-WhatsApp-2025-09-15-a-las-10.57.39_b9c167f4.jpg 1536w, https:\/\/www.padelyou.com\/salamanca\/wp-content\/uploads\/2025\/09\/Imagen-de-WhatsApp-2025-09-15-a-las-10.57.39_b9c167f4-225x300.jpg 225w, https:\/\/www.padelyou.com\/salamanca\/wp-content\/uploads\/2025\/09\/Imagen-de-WhatsApp-2025-09-15-a-las-10.57.39_b9c167f4-768x1024.jpg 768w, https:\/\/www.padelyou.com\/salamanca\/wp-content\/uploads\/2025\/09\/Imagen-de-WhatsApp-2025-09-15-a-las-10.57.39_b9c167f4-1152x1536.jpg 1152w\" sizes=\"(max-width: 1536px) 100vw, 1536px\" \/><\/a>\n\t\t\t<\/dt><\/dl><br style=\"clear: both\" \/><dl class='gallery-item'>\n\t\t\t<dt class='gallery-icon portrait'>\n\t\t\t\t<a href='https:\/\/www.padelyou.com\/salamanca\/wp-content\/uploads\/2025\/09\/Imagen-de-WhatsApp-2025-09-15-a-las-10.57.39_b2c7577f.jpg'><img width=\"1536\" height=\"2048\" src=\"https:\/\/www.padelyou.com\/salamanca\/wp-content\/uploads\/2025\/09\/Imagen-de-WhatsApp-2025-09-15-a-las-10.57.39_b2c7577f.jpg\" class=\"attachment-full size-full\" alt=\"\" loading=\"lazy\" srcset=\"https:\/\/www.padelyou.com\/salamanca\/wp-content\/uploads\/2025\/09\/Imagen-de-WhatsApp-2025-09-15-a-las-10.57.39_b2c7577f.jpg 1536w, https:\/\/www.padelyou.com\/salamanca\/wp-content\/uploads\/2025\/09\/Imagen-de-WhatsApp-2025-09-15-a-las-10.57.39_b2c7577f-225x300.jpg 225w, https:\/\/www.padelyou.com\/salamanca\/wp-content\/uploads\/2025\/09\/Imagen-de-WhatsApp-2025-09-15-a-las-10.57.39_b2c7577f-768x1024.jpg 768w, https:\/\/www.padelyou.com\/salamanca\/wp-content\/uploads\/2025\/09\/Imagen-de-WhatsApp-2025-09-15-a-las-10.57.39_b2c7577f-1152x1536.jpg 1152w\" sizes=\"(max-width: 1536px) 100vw, 1536px\" \/><\/a>\n\t\t\t<\/dt><\/dl><dl class='gallery-item'>\n\t\t\t<dt class='gallery-icon portrait'>\n\t\t\t\t<a href='https:\/\/www.padelyou.com\/salamanca\/wp-content\/uploads\/2025\/09\/Imagen-de-WhatsApp-2025-09-15-a-las-10.57.39_3749d274.jpg'><img width=\"1536\" height=\"2048\" src=\"https:\/\/www.padelyou.com\/salamanca\/wp-content\/uploads\/2025\/09\/Imagen-de-WhatsApp-2025-09-15-a-las-10.57.39_3749d274.jpg\" class=\"attachment-full size-full\" alt=\"\" loading=\"lazy\" srcset=\"https:\/\/www.padelyou.com\/salamanca\/wp-content\/uploads\/2025\/09\/Imagen-de-WhatsApp-2025-09-15-a-las-10.57.39_3749d274.jpg 1536w, https:\/\/www.padelyou.com\/salamanca\/wp-content\/uploads\/2025\/09\/Imagen-de-WhatsApp-2025-09-15-a-las-10.57.39_3749d274-225x300.jpg 225w, https:\/\/www.padelyou.com\/salamanca\/wp-content\/uploads\/2025\/09\/Imagen-de-WhatsApp-2025-09-15-a-las-10.57.39_3749d274-768x1024.jpg 768w, https:\/\/www.padelyou.com\/salamanca\/wp-content\/uploads\/2025\/09\/Imagen-de-WhatsApp-2025-09-15-a-las-10.57.39_3749d274-1152x1536.jpg 1152w\" sizes=\"(max-width: 1536px) 100vw, 1536px\" \/><\/a>\n\t\t\t<\/dt><\/dl><dl class='gallery-item'>\n\t\t\t<dt class='gallery-icon portrait'>\n\t\t\t\t<a href='https:\/\/www.padelyou.com\/salamanca\/wp-content\/uploads\/2025\/09\/Imagen-de-WhatsApp-2025-09-15-a-las-10.57.39_3748a63b.jpg'><img width=\"1536\" height=\"2048\" src=\"https:\/\/www.padelyou.com\/salamanca\/wp-content\/uploads\/2025\/09\/Imagen-de-WhatsApp-2025-09-15-a-las-10.57.39_3748a63b.jpg\" class=\"attachment-full size-full\" alt=\"\" loading=\"lazy\" srcset=\"https:\/\/www.padelyou.com\/salamanca\/wp-content\/uploads\/2025\/09\/Imagen-de-WhatsApp-2025-09-15-a-las-10.57.39_3748a63b.jpg 1536w, https:\/\/www.padelyou.com\/salamanca\/wp-content\/uploads\/2025\/09\/Imagen-de-WhatsApp-2025-09-15-a-las-10.57.39_3748a63b-225x300.jpg 225w, https:\/\/www.padelyou.com\/salamanca\/wp-content\/uploads\/2025\/09\/Imagen-de-WhatsApp-2025-09-15-a-las-10.57.39_3748a63b-768x1024.jpg 768w, https:\/\/www.padelyou.com\/salamanca\/wp-content\/uploads\/2025\/09\/Imagen-de-WhatsApp-2025-09-15-a-las-10.57.39_3748a63b-1152x1536.jpg 1152w\" sizes=\"(max-width: 1536px) 100vw, 1536px\" \/><\/a>\n\t\t\t<\/dt><\/dl><br style=\"clear: both\" \/><dl class='gallery-item'>\n\t\t\t<dt class='gallery-icon portrait'>\n\t\t\t\t<a href='https:\/\/www.padelyou.com\/salamanca\/wp-content\/uploads\/2025\/09\/Imagen-de-WhatsApp-2025-09-15-a-las-10.57.39_89b6d443.jpg'><img width=\"1536\" height=\"2048\" src=\"https:\/\/www.padelyou.com\/salamanca\/wp-content\/uploads\/2025\/09\/Imagen-de-WhatsApp-2025-09-15-a-las-10.57.39_89b6d443.jpg\" class=\"attachment-full size-full\" alt=\"\" loading=\"lazy\" srcset=\"https:\/\/www.padelyou.com\/salamanca\/wp-content\/uploads\/2025\/09\/Imagen-de-WhatsApp-2025-09-15-a-las-10.57.39_89b6d443.jpg 1536w, https:\/\/www.padelyou.com\/salamanca\/wp-content\/uploads\/2025\/09\/Imagen-de-WhatsApp-2025-09-15-a-las-10.57.39_89b6d443-225x300.jpg 225w, https:\/\/www.padelyou.com\/salamanca\/wp-content\/uploads\/2025\/09\/Imagen-de-WhatsApp-2025-09-15-a-las-10.57.39_89b6d443-768x1024.jpg 768w, https:\/\/www.padelyou.com\/salamanca\/wp-content\/uploads\/2025\/09\/Imagen-de-WhatsApp-2025-09-15-a-las-10.57.39_89b6d443-1152x1536.jpg 1152w\" sizes=\"(max-width: 1536px) 100vw, 1536px\" \/><\/a>\n\t\t\t<\/dt><\/dl><dl class='gallery-item'>\n\t\t\t<dt class='gallery-icon portrait'>\n\t\t\t\t<a href='https:\/\/www.padelyou.com\/salamanca\/wp-content\/uploads\/2025\/09\/Imagen-de-WhatsApp-2025-09-15-a-las-10.57.39_80e7d454.jpg'><img width=\"1536\" height=\"2048\" src=\"https:\/\/www.padelyou.com\/salamanca\/wp-content\/uploads\/2025\/09\/Imagen-de-WhatsApp-2025-09-15-a-las-10.57.39_80e7d454.jpg\" class=\"attachment-full size-full\" alt=\"\" loading=\"lazy\" srcset=\"https:\/\/www.padelyou.com\/salamanca\/wp-content\/uploads\/2025\/09\/Imagen-de-WhatsApp-2025-09-15-a-las-10.57.39_80e7d454.jpg 1536w, https:\/\/www.padelyou.com\/salamanca\/wp-content\/uploads\/2025\/09\/Imagen-de-WhatsApp-2025-09-15-a-las-10.57.39_80e7d454-225x300.jpg 225w, https:\/\/www.padelyou.com\/salamanca\/wp-content\/uploads\/2025\/09\/Imagen-de-WhatsApp-2025-09-15-a-las-10.57.39_80e7d454-768x1024.jpg 768w, https:\/\/www.padelyou.com\/salamanca\/wp-content\/uploads\/2025\/09\/Imagen-de-WhatsApp-2025-09-15-a-las-10.57.39_80e7d454-1152x1536.jpg 1152w\" sizes=\"(max-width: 1536px) 100vw, 1536px\" \/><\/a>\n\t\t\t<\/dt><\/dl><dl class='gallery-item'>\n\t\t\t<dt class='gallery-icon portrait'>\n\t\t\t\t<a href='https:\/\/www.padelyou.com\/salamanca\/wp-content\/uploads\/2025\/09\/Imagen-de-WhatsApp-2025-09-15-a-las-10.57.39_43ecb77e.jpg'><img width=\"1536\" height=\"2048\" src=\"https:\/\/www.padelyou.com\/salamanca\/wp-content\/uploads\/2025\/09\/Imagen-de-WhatsApp-2025-09-15-a-las-10.57.39_43ecb77e.jpg\" class=\"attachment-full size-full\" alt=\"\" loading=\"lazy\" srcset=\"https:\/\/www.padelyou.com\/salamanca\/wp-content\/uploads\/2025\/09\/Imagen-de-WhatsApp-2025-09-15-a-las-10.57.39_43ecb77e.jpg 1536w, https:\/\/www.padelyou.com\/salamanca\/wp-content\/uploads\/2025\/09\/Imagen-de-WhatsApp-2025-09-15-a-las-10.57.39_43ecb77e-225x300.jpg 225w, https:\/\/www.padelyou.com\/salamanca\/wp-content\/uploads\/2025\/09\/Imagen-de-WhatsApp-2025-09-15-a-las-10.57.39_43ecb77e-768x1024.jpg 768w, https:\/\/www.padelyou.com\/salamanca\/wp-content\/uploads\/2025\/09\/Imagen-de-WhatsApp-2025-09-15-a-las-10.57.39_43ecb77e-1152x1536.jpg 1152w\" sizes=\"(max-width: 1536px) 100vw, 1536px\" \/><\/a>\n\t\t\t<\/dt><\/dl><br style=\"clear: both\" \/><dl class='gallery-item'>\n\t\t\t<dt class='gallery-icon portrait'>\n\t\t\t\t<a href='https:\/\/www.padelyou.com\/salamanca\/wp-content\/uploads\/2025\/09\/Imagen-de-WhatsApp-2025-09-15-a-las-10.57.39_26b01b8e.jpg'><img width=\"1536\" height=\"2048\" src=\"https:\/\/www.padelyou.com\/salamanca\/wp-content\/uploads\/2025\/09\/Imagen-de-WhatsApp-2025-09-15-a-las-10.57.39_26b01b8e.jpg\" class=\"attachment-full size-full\" alt=\"\" loading=\"lazy\" srcset=\"https:\/\/www.padelyou.com\/salamanca\/wp-content\/uploads\/2025\/09\/Imagen-de-WhatsApp-2025-09-15-a-las-10.57.39_26b01b8e.jpg 1536w, https:\/\/www.padelyou.com\/salamanca\/wp-content\/uploads\/2025\/09\/Imagen-de-WhatsApp-2025-09-15-a-las-10.57.39_26b01b8e-225x300.jpg 225w, https:\/\/www.padelyou.com\/salamanca\/wp-content\/uploads\/2025\/09\/Imagen-de-WhatsApp-2025-09-15-a-las-10.57.39_26b01b8e-768x1024.jpg 768w, https:\/\/www.padelyou.com\/salamanca\/wp-content\/uploads\/2025\/09\/Imagen-de-WhatsApp-2025-09-15-a-las-10.57.39_26b01b8e-1152x1536.jpg 1152w\" sizes=\"(max-width: 1536px) 100vw, 1536px\" \/><\/a>\n\t\t\t<\/dt><\/dl><dl class='gallery-item'>\n\t\t\t<dt class='gallery-icon portrait'>\n\t\t\t\t<a href='https:\/\/www.padelyou.com\/salamanca\/wp-content\/uploads\/2025\/09\/Imagen-de-WhatsApp-2025-09-15-a-las-10.57.39_6d2f7ab6.jpg'><img width=\"1536\" height=\"2048\" src=\"https:\/\/www.padelyou.com\/salamanca\/wp-content\/uploads\/2025\/09\/Imagen-de-WhatsApp-2025-09-15-a-las-10.57.39_6d2f7ab6.jpg\" class=\"attachment-full size-full\" alt=\"\" loading=\"lazy\" srcset=\"https:\/\/www.padelyou.com\/salamanca\/wp-content\/uploads\/2025\/09\/Imagen-de-WhatsApp-2025-09-15-a-las-10.57.39_6d2f7ab6.jpg 1536w, https:\/\/www.padelyou.com\/salamanca\/wp-content\/uploads\/2025\/09\/Imagen-de-WhatsApp-2025-09-15-a-las-10.57.39_6d2f7ab6-225x300.jpg 225w, https:\/\/www.padelyou.com\/salamanca\/wp-content\/uploads\/2025\/09\/Imagen-de-WhatsApp-2025-09-15-a-las-10.57.39_6d2f7ab6-768x1024.jpg 768w, https:\/\/www.padelyou.com\/salamanca\/wp-content\/uploads\/2025\/09\/Imagen-de-WhatsApp-2025-09-15-a-las-10.57.39_6d2f7ab6-1152x1536.jpg 1152w\" sizes=\"(max-width: 1536px) 100vw, 1536px\" \/><\/a>\n\t\t\t<\/dt><\/dl><dl class='gallery-item'>\n\t\t\t<dt class='gallery-icon portrait'>\n\t\t\t\t<a href='https:\/\/www.padelyou.com\/salamanca\/wp-content\/uploads\/2025\/09\/Imagen-de-WhatsApp-2025-09-15-a-las-10.57.39_4ecf2122.jpg'><img width=\"1536\" height=\"2048\" src=\"https:\/\/www.padelyou.com\/salamanca\/wp-content\/uploads\/2025\/09\/Imagen-de-WhatsApp-2025-09-15-a-las-10.57.39_4ecf2122.jpg\" class=\"attachment-full size-full\" alt=\"\" loading=\"lazy\" srcset=\"https:\/\/www.padelyou.com\/salamanca\/wp-content\/uploads\/2025\/09\/Imagen-de-WhatsApp-2025-09-15-a-las-10.57.39_4ecf2122.jpg 1536w, https:\/\/www.padelyou.com\/salamanca\/wp-content\/uploads\/2025\/09\/Imagen-de-WhatsApp-2025-09-15-a-las-10.57.39_4ecf2122-225x300.jpg 225w, https:\/\/www.padelyou.com\/salamanca\/wp-content\/uploads\/2025\/09\/Imagen-de-WhatsApp-2025-09-15-a-las-10.57.39_4ecf2122-768x1024.jpg 768w, https:\/\/www.padelyou.com\/salamanca\/wp-content\/uploads\/2025\/09\/Imagen-de-WhatsApp-2025-09-15-a-las-10.57.39_4ecf2122-1152x1536.jpg 1152w\" sizes=\"(max-width: 1536px) 100vw, 1536px\" \/><\/a>\n\t\t\t<\/dt><\/dl><br style=\"clear: both\" \/><dl class='gallery-item'>\n\t\t\t<dt class='gallery-icon portrait'>\n\t\t\t\t<a href='https:\/\/www.padelyou.com\/salamanca\/wp-content\/uploads\/2025\/09\/Imagen-de-WhatsApp-2025-09-15-a-las-10.57.39_4d87e9a1.jpg'><img width=\"1536\" height=\"2048\" src=\"https:\/\/www.padelyou.com\/salamanca\/wp-content\/uploads\/2025\/09\/Imagen-de-WhatsApp-2025-09-15-a-las-10.57.39_4d87e9a1.jpg\" class=\"attachment-full size-full\" alt=\"\" loading=\"lazy\" srcset=\"https:\/\/www.padelyou.com\/salamanca\/wp-content\/uploads\/2025\/09\/Imagen-de-WhatsApp-2025-09-15-a-las-10.57.39_4d87e9a1.jpg 1536w, https:\/\/www.padelyou.com\/salamanca\/wp-content\/uploads\/2025\/09\/Imagen-de-WhatsApp-2025-09-15-a-las-10.57.39_4d87e9a1-225x300.jpg 225w, https:\/\/www.padelyou.com\/salamanca\/wp-content\/uploads\/2025\/09\/Imagen-de-WhatsApp-2025-09-15-a-las-10.57.39_4d87e9a1-768x1024.jpg 768w, https:\/\/www.padelyou.com\/salamanca\/wp-content\/uploads\/2025\/09\/Imagen-de-WhatsApp-2025-09-15-a-las-10.57.39_4d87e9a1-1152x1536.jpg 1152w\" sizes=\"(max-width: 1536px) 100vw, 1536px\" \/><\/a>\n\t\t\t<\/dt><\/dl><dl class='gallery-item'>\n\t\t\t<dt class='gallery-icon portrait'>\n\t\t\t\t<a href='https:\/\/www.padelyou.com\/salamanca\/wp-content\/uploads\/2025\/09\/Imagen-de-WhatsApp-2025-09-15-a-las-10.57.39_0f7ab8f4.jpg'><img width=\"1536\" height=\"2048\" src=\"https:\/\/www.padelyou.com\/salamanca\/wp-content\/uploads\/2025\/09\/Imagen-de-WhatsApp-2025-09-15-a-las-10.57.39_0f7ab8f4.jpg\" class=\"attachment-full size-full\" alt=\"\" loading=\"lazy\" srcset=\"https:\/\/www.padelyou.com\/salamanca\/wp-content\/uploads\/2025\/09\/Imagen-de-WhatsApp-2025-09-15-a-las-10.57.39_0f7ab8f4.jpg 1536w, https:\/\/www.padelyou.com\/salamanca\/wp-content\/uploads\/2025\/09\/Imagen-de-WhatsApp-2025-09-15-a-las-10.57.39_0f7ab8f4-225x300.jpg 225w, https:\/\/www.padelyou.com\/salamanca\/wp-content\/uploads\/2025\/09\/Imagen-de-WhatsApp-2025-09-15-a-las-10.57.39_0f7ab8f4-768x1024.jpg 768w, https:\/\/www.padelyou.com\/salamanca\/wp-content\/uploads\/2025\/09\/Imagen-de-WhatsApp-2025-09-15-a-las-10.57.39_0f7ab8f4-1152x1536.jpg 1152w\" sizes=\"(max-width: 1536px) 100vw, 1536px\" \/><\/a>\n\t\t\t<\/dt><\/dl><dl class='gallery-item'>\n\t\t\t<dt class='gallery-icon portrait'>\n\t\t\t\t<a href='https:\/\/www.padelyou.com\/salamanca\/wp-content\/uploads\/2025\/09\/Imagen-de-WhatsApp-2025-09-15-a-las-10.57.38_ea2ae6d1.jpg'><img width=\"1536\" height=\"2048\" src=\"https:\/\/www.padelyou.com\/salamanca\/wp-content\/uploads\/2025\/09\/Imagen-de-WhatsApp-2025-09-15-a-las-10.57.38_ea2ae6d1.jpg\" class=\"attachment-full size-full\" alt=\"\" loading=\"lazy\" srcset=\"https:\/\/www.padelyou.com\/salamanca\/wp-content\/uploads\/2025\/09\/Imagen-de-WhatsApp-2025-09-15-a-las-10.57.38_ea2ae6d1.jpg 1536w, https:\/\/www.padelyou.com\/salamanca\/wp-content\/uploads\/2025\/09\/Imagen-de-WhatsApp-2025-09-15-a-las-10.57.38_ea2ae6d1-225x300.jpg 225w, https:\/\/www.padelyou.com\/salamanca\/wp-content\/uploads\/2025\/09\/Imagen-de-WhatsApp-2025-09-15-a-las-10.57.38_ea2ae6d1-768x1024.jpg 768w, https:\/\/www.padelyou.com\/salamanca\/wp-content\/uploads\/2025\/09\/Imagen-de-WhatsApp-2025-09-15-a-las-10.57.38_ea2ae6d1-1152x1536.jpg 1152w\" sizes=\"(max-width: 1536px) 100vw, 1536px\" \/><\/a>\n\t\t\t<\/dt><\/dl><br style=\"clear: both\" \/><dl class='gallery-item'>\n\t\t\t<dt class='gallery-icon portrait'>\n\t\t\t\t<a href='https:\/\/www.padelyou.com\/salamanca\/wp-content\/uploads\/2025\/09\/Imagen-de-WhatsApp-2025-09-15-a-las-10.57.38_78edf5e1.jpg'><img width=\"1536\" height=\"2048\" src=\"https:\/\/www.padelyou.com\/salamanca\/wp-content\/uploads\/2025\/09\/Imagen-de-WhatsApp-2025-09-15-a-las-10.57.38_78edf5e1.jpg\" class=\"attachment-full size-full\" alt=\"\" loading=\"lazy\" srcset=\"https:\/\/www.padelyou.com\/salamanca\/wp-content\/uploads\/2025\/09\/Imagen-de-WhatsApp-2025-09-15-a-las-10.57.38_78edf5e1.jpg 1536w, https:\/\/www.padelyou.com\/salamanca\/wp-content\/uploads\/2025\/09\/Imagen-de-WhatsApp-2025-09-15-a-las-10.57.38_78edf5e1-225x300.jpg 225w, https:\/\/www.padelyou.com\/salamanca\/wp-content\/uploads\/2025\/09\/Imagen-de-WhatsApp-2025-09-15-a-las-10.57.38_78edf5e1-768x1024.jpg 768w, https:\/\/www.padelyou.com\/salamanca\/wp-content\/uploads\/2025\/09\/Imagen-de-WhatsApp-2025-09-15-a-las-10.57.38_78edf5e1-1152x1536.jpg 1152w\" sizes=\"(max-width: 1536px) 100vw, 1536px\" \/><\/a>\n\t\t\t<\/dt><\/dl>\n\t\t\t<br style='clear: both' \/>\n\t\t<\/div>\n<\/div><div id=\"panel-1025-0-0-8\" class=\"so-panel widget widget_origin_button\" data-index=\"8\" ><div class=\"origin-widget origin-widget-button origin-widget-button-simple-blue align-left\"><a href=\"https:\/\/www.xporty.com\/tournaments\/7349940-xii-torneo-ferias-y-fiestas-ciudad-de-salamanca-2025\/registration\" target=\"_blank\" rel=\"noopener noreferrer\">\n\tINSCRIPCI\u00d3N al XII Torneo Ferias y Fiestas Salamanca 2025<\/a><\/div><\/div><div id=\"panel-1025-0-0-9\" class=\"so-panel widget widget_media_image\" data-index=\"9\" ><h3 class=\"widget-title\">XII Torneo Ferias y Fiestas Ciudad de Salamanca 2025<\/h3><img width=\"702\" height=\"1024\" src=\"https:\/\/www.padelyou.com\/salamanca\/wp-content\/uploads\/2025\/08\/cartel-torneo-25-en-proceso-3-702x1024.jpg\" class=\"image wp-image-3827  attachment-large size-large\" alt=\"\" loading=\"lazy\" style=\"max-width: 100%; height: auto;\" title=\"XII Torneo Ferias y Fiestas Ciudad de Salamanca 2025\" srcset=\"https:\/\/www.padelyou.com\/salamanca\/wp-content\/uploads\/2025\/08\/cartel-torneo-25-en-proceso-3-702x1024.jpg 702w, https:\/\/www.padelyou.com\/salamanca\/wp-content\/uploads\/2025\/08\/cartel-torneo-25-en-proceso-3-206x300.jpg 206w, https:\/\/www.padelyou.com\/salamanca\/wp-content\/uploads\/2025\/08\/cartel-torneo-25-en-proceso-3-768x1120.jpg 768w, https:\/\/www.padelyou.com\/salamanca\/wp-content\/uploads\/2025\/08\/cartel-torneo-25-en-proceso-3-1053x1536.jpg 1053w, https:\/\/www.padelyou.com\/salamanca\/wp-content\/uploads\/2025\/08\/cartel-torneo-25-en-proceso-3-1404x2048.jpg 1404w, https:\/\/www.padelyou.com\/salamanca\/wp-content\/uploads\/2025\/08\/cartel-torneo-25-en-proceso-3-scaled.jpg 1755w\" sizes=\"(max-width: 702px) 100vw, 702px\" \/><\/div><div id=\"panel-1025-0-0-10\" class=\"so-panel widget widget_media_image\" data-index=\"10\" ><h3 class=\"widget-title\">RESERVA DE PLAZA ESCUELA 25\/26 &#8211; NUEV@S ALUMN@S<\/h3><img width=\"720\" height=\"536\" src=\"https:\/\/www.padelyou.com\/salamanca\/wp-content\/uploads\/2025\/07\/IMG_5525-1024x762.jpeg\" class=\"image wp-image-3760  attachment-large size-large\" alt=\"\" loading=\"lazy\" style=\"max-width: 100%; height: auto;\" title=\"RESERVA DE PLAZA ESCUELA 25\/26 - NUEV@S ALUMN@S\" srcset=\"https:\/\/www.padelyou.com\/salamanca\/wp-content\/uploads\/2025\/07\/IMG_5525-1024x762.jpeg 1024w, https:\/\/www.padelyou.com\/salamanca\/wp-content\/uploads\/2025\/07\/IMG_5525-300x223.jpeg 300w, https:\/\/www.padelyou.com\/salamanca\/wp-content\/uploads\/2025\/07\/IMG_5525-768x572.jpeg 768w, https:\/\/www.padelyou.com\/salamanca\/wp-content\/uploads\/2025\/07\/IMG_5525-1536x1143.jpeg 1536w, https:\/\/www.padelyou.com\/salamanca\/wp-content\/uploads\/2025\/07\/IMG_5525.jpeg 1667w\" sizes=\"(max-width: 720px) 100vw, 720px\" \/><\/div><div id=\"panel-1025-0-0-11\" class=\"so-panel widget widget_media_image\" data-index=\"11\" ><h3 class=\"widget-title\">RESERVA DE PLAZA ESCUELA 25\/26 &#8211; ANTIGU@S ALUMN@S<\/h3><img width=\"720\" height=\"513\" src=\"https:\/\/www.padelyou.com\/salamanca\/wp-content\/uploads\/2025\/07\/IMG_5525-1-1024x729.jpeg\" class=\"image wp-image-3759  attachment-large size-large\" alt=\"\" loading=\"lazy\" style=\"max-width: 100%; height: auto;\" title=\"RESERVA DE PLAZA ESCUELA 25\/26 - ANTIGU@S ALUMN@S\" srcset=\"https:\/\/www.padelyou.com\/salamanca\/wp-content\/uploads\/2025\/07\/IMG_5525-1-1024x729.jpeg 1024w, https:\/\/www.padelyou.com\/salamanca\/wp-content\/uploads\/2025\/07\/IMG_5525-1-300x214.jpeg 300w, https:\/\/www.padelyou.com\/salamanca\/wp-content\/uploads\/2025\/07\/IMG_5525-1-768x547.jpeg 768w, https:\/\/www.padelyou.com\/salamanca\/wp-content\/uploads\/2025\/07\/IMG_5525-1-1536x1094.jpeg 1536w, https:\/\/www.padelyou.com\/salamanca\/wp-content\/uploads\/2025\/07\/IMG_5525-1.jpeg 1742w\" sizes=\"(max-width: 720px) 100vw, 720px\" \/><\/div><div id=\"panel-1025-0-0-12\" class=\"so-panel widget widget_media_image\" data-index=\"12\" ><h3 class=\"widget-title\">XII Torneo Ferias y Fiestas Ciudad de Salamanca 2025<\/h3><img width=\"720\" height=\"960\" src=\"https:\/\/www.padelyou.com\/salamanca\/wp-content\/uploads\/2025\/07\/WhatsApp-Image-2025-07-03-at-11.34.57-768x1024.jpeg\" class=\"image wp-image-3756  attachment-large size-large\" alt=\"\" loading=\"lazy\" style=\"max-width: 100%; height: auto;\" title=\"XII Torneo Ferias y Fiestas Ciudad de Salamanca 2025\" srcset=\"https:\/\/www.padelyou.com\/salamanca\/wp-content\/uploads\/2025\/07\/WhatsApp-Image-2025-07-03-at-11.34.57-768x1024.jpeg 768w, https:\/\/www.padelyou.com\/salamanca\/wp-content\/uploads\/2025\/07\/WhatsApp-Image-2025-07-03-at-11.34.57-225x300.jpeg 225w, https:\/\/www.padelyou.com\/salamanca\/wp-content\/uploads\/2025\/07\/WhatsApp-Image-2025-07-03-at-11.34.57-1152x1536.jpeg 1152w, https:\/\/www.padelyou.com\/salamanca\/wp-content\/uploads\/2025\/07\/WhatsApp-Image-2025-07-03-at-11.34.57.jpeg 1170w\" sizes=\"(max-width: 720px) 100vw, 720px\" \/><\/div><div id=\"panel-1025-0-0-13\" class=\"so-panel widget widget_media_image\" data-index=\"13\" ><h3 class=\"widget-title\">Cursos de Verano 2025<\/h3><div style=\"width: 725px\" class=\"wp-caption alignnone\"><img width=\"715\" height=\"1024\" src=\"https:\/\/www.padelyou.com\/salamanca\/wp-content\/uploads\/2025\/05\/INTENSIVOS-VERANO25-715x1024.jpg\" class=\"image wp-image-3746  attachment-large size-large\" alt=\"\" loading=\"lazy\" style=\"max-width: 100%; height: auto;\" title=\"Cursos de Verano 2025\" srcset=\"https:\/\/www.padelyou.com\/salamanca\/wp-content\/uploads\/2025\/05\/INTENSIVOS-VERANO25-715x1024.jpg 715w, https:\/\/www.padelyou.com\/salamanca\/wp-content\/uploads\/2025\/05\/INTENSIVOS-VERANO25-209x300.jpg 209w, https:\/\/www.padelyou.com\/salamanca\/wp-content\/uploads\/2025\/05\/INTENSIVOS-VERANO25-768x1101.jpg 768w, https:\/\/www.padelyou.com\/salamanca\/wp-content\/uploads\/2025\/05\/INTENSIVOS-VERANO25-1072x1536.jpg 1072w, https:\/\/www.padelyou.com\/salamanca\/wp-content\/uploads\/2025\/05\/INTENSIVOS-VERANO25-1429x2048.jpg 1429w, https:\/\/www.padelyou.com\/salamanca\/wp-content\/uploads\/2025\/05\/INTENSIVOS-VERANO25-scaled.jpg 1786w\" sizes=\"(max-width: 715px) 100vw, 715px\" \/><p class=\"wp-caption-text\"> \u00a1Este verano, el p\u00e1del es el plan! Clases para todas las edades, mejora tu juego y divi\u00e9rtete en PADELYOU. \u00a1Inscr\u00edbete ya y domina la pista!  #Verano2025 #PadelEnSalamanca #PADELYOU<\/p><\/div><\/div><div id=\"panel-1025-0-0-14\" class=\"so-panel widget widget_media_image\" data-index=\"14\" ><h3 class=\"widget-title\">Nuevas tarifas de Alquiler de Pista 24\/25<\/h3><img width=\"720\" height=\"505\" src=\"https:\/\/www.padelyou.com\/salamanca\/wp-content\/uploads\/2024\/11\/WhatsApp-Image-2024-11-15-at-20.36.10-1024x718.jpeg\" class=\"image wp-image-3743  attachment-large size-large\" alt=\"\" loading=\"lazy\" style=\"max-width: 100%; height: auto;\" title=\"Nuevas tarifas de Alquiler de Pista 24\/25\" srcset=\"https:\/\/www.padelyou.com\/salamanca\/wp-content\/uploads\/2024\/11\/WhatsApp-Image-2024-11-15-at-20.36.10-1024x718.jpeg 1024w, https:\/\/www.padelyou.com\/salamanca\/wp-content\/uploads\/2024\/11\/WhatsApp-Image-2024-11-15-at-20.36.10-300x210.jpeg 300w, https:\/\/www.padelyou.com\/salamanca\/wp-content\/uploads\/2024\/11\/WhatsApp-Image-2024-11-15-at-20.36.10-768x539.jpeg 768w, https:\/\/www.padelyou.com\/salamanca\/wp-content\/uploads\/2024\/11\/WhatsApp-Image-2024-11-15-at-20.36.10-1536x1077.jpeg 1536w, https:\/\/www.padelyou.com\/salamanca\/wp-content\/uploads\/2024\/11\/WhatsApp-Image-2024-11-15-at-20.36.10.jpeg 1600w\" sizes=\"(max-width: 720px) 100vw, 720px\" \/><\/div><div id=\"panel-1025-0-0-15\" class=\"so-panel widget widget_media_image\" data-index=\"15\" ><h3 class=\"widget-title\">Calendario de Apertura 24-25<\/h3><img width=\"720\" height=\"1021\" src=\"https:\/\/www.padelyou.com\/salamanca\/wp-content\/uploads\/2024\/11\/calendario-de-apertura-24-25-2-scaled-e1731064590784-722x1024.jpg\" class=\"image wp-image-3739  attachment-large size-large\" alt=\"\" loading=\"lazy\" style=\"max-width: 100%; height: auto;\" title=\"Calendario de Apertura 24-25\" srcset=\"https:\/\/www.padelyou.com\/salamanca\/wp-content\/uploads\/2024\/11\/calendario-de-apertura-24-25-2-scaled-e1731064590784-722x1024.jpg 722w, https:\/\/www.padelyou.com\/salamanca\/wp-content\/uploads\/2024\/11\/calendario-de-apertura-24-25-2-scaled-e1731064590784-211x300.jpg 211w, https:\/\/www.padelyou.com\/salamanca\/wp-content\/uploads\/2024\/11\/calendario-de-apertura-24-25-2-scaled-e1731064590784-768x1090.jpg 768w, https:\/\/www.padelyou.com\/salamanca\/wp-content\/uploads\/2024\/11\/calendario-de-apertura-24-25-2-scaled-e1731064590784-1082x1536.jpg 1082w, https:\/\/www.padelyou.com\/salamanca\/wp-content\/uploads\/2024\/11\/calendario-de-apertura-24-25-2-scaled-e1731064590784-1443x2048.jpg 1443w, https:\/\/www.padelyou.com\/salamanca\/wp-content\/uploads\/2024\/11\/calendario-de-apertura-24-25-2-scaled-e1731064590784.jpg 1804w\" sizes=\"(max-width: 720px) 100vw, 720px\" \/><\/div><div id=\"panel-1025-0-0-16\" class=\"so-panel widget widget_media_image panel-last-child\" data-index=\"16\" ><h3 class=\"widget-title\">RESERVA DE PLAZA &#8211; ESCUELA 24-25 PADELYOU<\/h3><div style=\"width: 1034px\" class=\"wp-caption alignnone\"><img width=\"720\" height=\"509\" src=\"https:\/\/www.padelyou.com\/salamanca\/wp-content\/uploads\/2024\/07\/escuela-reserva-plaza-beneficios-2425-1024x724.jpg\" class=\"image wp-image-3701  attachment-large size-large\" alt=\"Benef\u00edciate manteniendo el precio del curso 23-24, con una reserva de plaza de 50\u20ac. Si reservas ahora, te garantizamos el mismo precio para la temporada 24-25 de la Escuela.\u00a0 SOLO HASTA EL 31 DE JULIO - ASEGURA TU SITIO!\" loading=\"lazy\" style=\"max-width: 100%; height: auto;\" title=\"RESERVA DE PLAZA - ESCUELA 24-25 PADELYOU\" srcset=\"https:\/\/www.padelyou.com\/salamanca\/wp-content\/uploads\/2024\/07\/escuela-reserva-plaza-beneficios-2425-1024x724.jpg 1024w, https:\/\/www.padelyou.com\/salamanca\/wp-content\/uploads\/2024\/07\/escuela-reserva-plaza-beneficios-2425-300x212.jpg 300w, https:\/\/www.padelyou.com\/salamanca\/wp-content\/uploads\/2024\/07\/escuela-reserva-plaza-beneficios-2425-768x543.jpg 768w, https:\/\/www.padelyou.com\/salamanca\/wp-content\/uploads\/2024\/07\/escuela-reserva-plaza-beneficios-2425-1536x1086.jpg 1536w, https:\/\/www.padelyou.com\/salamanca\/wp-content\/uploads\/2024\/07\/escuela-reserva-plaza-beneficios-2425-2048x1448.jpg 2048w\" sizes=\"(max-width: 720px) 100vw, 720px\" \/><p class=\"wp-caption-text\">Benef\u00edciate manteniendo el precio del curso 23-24, con una reserva de plaza de 50\u20ac.\n\nSi reservas ahora, te garantizamos el mismo precio para la temporada 24-25 de la Escuela.\u00a0\n\nSOLO HASTA EL 31 DE JULIO - ASEGURA TU SITIO!<\/p><\/div><\/div><\/div><\/div><\/div>","protected":false},"excerpt":{"rendered":"<p>XIII TORNEO FERIAS Y FIESTAS SALAMANCA 2026RESERVA PLAZA ESCUELA- NUEV@S ALUMN@S 2026-2027RESERVA DE PLAZA ESCUELA PADELYOU- ANTIGU@S ALUMN@SCURSOS DE VERANO 2026CALENDARIO ESCUELA Temporada 2025-2026CALENDARIO DE APERTURA 2025-2026Confrontaci\u00f3n en Ondapadel (Alcorc\u00f3n) &#8211; 8 Noviembre 2025FOTOS ENTREGA DE PREMIOS XII TORNEO FERIAS Y FIESTAS 2025 INSCRIPCI\u00d3N al XII Torneo Ferias y Fiestas Salamanca 2025XII Torneo Ferias y [&hellip;]<\/p>\n","protected":false},"author":1,"featured_media":0,"parent":0,"menu_order":0,"comment_status":"closed","ping_status":"closed","template":"home-panels.php","meta":[],"_links":{"self":[{"href":"https:\/\/www.padelyou.com\/salamanca\/wp-json\/wp\/v2\/pages\/1025"}],"collection":[{"href":"https:\/\/www.padelyou.com\/salamanca\/wp-json\/wp\/v2\/pages"}],"about":[{"href":"https:\/\/www.padelyou.com\/salamanca\/wp-json\/wp\/v2\/types\/page"}],"author":[{"embeddable":true,"href":"https:\/\/www.padelyou.com\/salamanca\/wp-json\/wp\/v2\/users\/1"}],"replies":[{"embeddable":true,"href":"https:\/\/www.padelyou.com\/salamanca\/wp-json\/wp\/v2\/comments?post=1025"}],"version-history":[{"count":36,"href":"https:\/\/www.padelyou.com\/salamanca\/wp-json\/wp\/v2\/pages\/1025\/revisions"}],"predecessor-version":[{"id":3818,"href":"https:\/\/www.padelyou.com\/salamanca\/wp-json\/wp\/v2\/pages\/1025\/revisions\/3818"}],"wp:attachment":[{"href":"https:\/\/www.padelyou.com\/salamanca\/wp-json\/wp\/v2\/media?parent=1025"}],"curies":[{"name":"wp","href":"https:\/\/api.w.org\/{rel}","templated":true}]}}